{"id":1090,"date":"2020-12-02T18:34:55","date_gmt":"2020-12-02T18:34:55","guid":{"rendered":"https:\/\/coupdepouce.net\/wp\/?page_id=1090"},"modified":"2022-10-20T04:40:21","modified_gmt":"2022-10-20T04:40:21","slug":"rgpd","status":"publish","type":"page","link":"https:\/\/coupdepouce.net\/wordpress\/index.php\/rgpd\/","title":{"rendered":"RGPD"},"content":{"rendered":"\n<p><strong>R\u00e8glement G\u00e9n\u00e9ral de Protection des Donn\u00e9es \u00e0 caract\u00e8re personnel<\/strong><\/p>\n\n\n\n<p>Base l\u00e9gale&nbsp;: R\u00e8glement (UE) 2016\/679 du Parlement Europ\u00e9en et du Conseil du 27 avril 2016 abrogeant la directive 95\/46\/CE (\u00ab RGPD \u00bb) et les lois belge et luxembourgeoise, l\u2019Asbl Coup de Pouce vous informe quant \u00e0 nos pratiques relatives \u00e0 la confidentialit\u00e9 et aux traitements de vos donn\u00e9es personnelles en tant que personne physique identifi\u00e9e ou identifiable.<\/p>\n\n\n\n<hr class=\"wp-block-separator has-css-opacity\"\/>\n\n\n\n<p><strong>1. Donn\u00e9es personnelles collect\u00e9es<\/strong><\/p>\n\n\n\n<p>Selon votre relation et le contexte de vos interactions avec nous, les finalit\u00e9s de collecte de vos donn\u00e9es personnelles diff\u00e8rent. N\u00e9anmoins, les donn\u00e9es personnelles que nous traitons sont assimil\u00e9es, mais non limit\u00e9es, aux cat\u00e9gories suivantes:<\/p>\n\n\n\n<ul class=\"wp-block-list\"><li>Donn\u00e9es d\u2019identification (p.ex. nom, adresse);<\/li><li>Donn\u00e9es professionnelles (p.ex. fonction, adresse e-mail);<\/li><li>Donn\u00e9es administratives (p.ex. dipl\u00f4me, matricule);<\/li><li>Donn\u00e9es financi\u00e8res (p.ex. num\u00e9ro de compte bancaire);<\/li><li>Donn\u00e9es criminelles (p.ex. casier judiciaire).<\/li><\/ul>\n\n\n\n<hr class=\"wp-block-separator has-css-opacity\"\/>\n\n\n\n<p><strong>2. Finalit\u00e9 des traitements<\/strong><\/p>\n\n\n\n<p>De mani\u00e8re g\u00e9n\u00e9rale, vos donn\u00e9es sont trait\u00e9es pour les principales et globales finalit\u00e9s suivantes:<\/p>\n\n\n\n<ul class=\"wp-block-list\"><li>Les gestions administrative, comptable, commerciale, informatique et de facturation;<\/li><li>La promotion des activit\u00e9s de notre association et de leur objet social.<\/li><\/ul>\n\n\n\n<hr class=\"wp-block-separator has-css-opacity\"\/>\n\n\n\n<p><strong>3. Comment collectons-nous vos donn\u00e9es?<\/strong><\/p>\n\n\n\n<p>Les donn\u00e9es personnelles trait\u00e9es sont principalement collect\u00e9es par le biais de:<\/p>\n\n\n\n<ul class=\"wp-block-list\"><li>Formulaires standardis\u00e9s, papier ou \u00e9lectronique, soumis \u00e0 votre remplissage (via emails, t\u00e9l\u00e9phone et entretiens physiques);<\/li><li>Photos et vid\u00e9os, afin de r\u00e9aliser des \u00e9valuations m\u00e9dicales.<\/li><\/ul>\n\n\n\n<hr class=\"wp-block-separator has-css-opacity\"\/>\n\n\n\n<p><strong>4. Base de lic\u00e9it\u00e9 des traitements vous concernant<\/strong><\/p>\n\n\n\n<p>Les finalit\u00e9s des traitements explicit\u00e9s au point 2 sont toutes fond\u00e9es sur une des bases de lic\u00e9it\u00e9 suivantes, en accord avec l\u2019article 6 du RGPD:<\/p>\n\n\n\n<ul class=\"wp-block-list\"><li>Relation pr\u00e9contractuelle et ex\u00e9cution de contrats;<\/li><li>Obligation l\u00e9gale;<\/li><li>Int\u00e9r\u00eat l\u00e9gitime;<\/li><li>Consentement;<\/li><\/ul>\n\n\n\n<hr class=\"wp-block-separator has-css-opacity\"\/>\n\n\n\n<p><strong>5. Partage et communication de vos donn\u00e9es personnelles<\/strong><\/p>\n\n\n\n<p><em>5.1. Sous-traitants de vos donn\u00e9es personnelles<\/em><\/p>\n\n\n\n<p>Afin de remplir nos objectifs, nous faisons uniquement appel \u00e0 des sous-traitants dont le traitement de ces donn\u00e9es r\u00e9pond aux exigences du RGPD et garantisse la protection de vos donn\u00e9es personnelles.<\/p>\n\n\n\n<p><em>5.2. Destinataires de vos donn\u00e9es personnelles<\/em><\/p>\n\n\n\n<p>Nous pourrions communiquer vos donn\u00e9es personnelles \u00e0 diff\u00e9rentes cat\u00e9gories de destinataires, \u00e0 savoir:<\/p>\n\n\n\n<ul class=\"wp-block-list\"><li>Institutions et administrations publiques (p.ex. minist\u00e8res de tutelle);<\/li><li>Organismes de contr\u00f4le (p.ex. en mati\u00e8re de s\u00e9curit\u00e9);<\/li><li>Fournisseurs de services (p.ex. banques, assurances);<\/li><li>Fondations, associations ou autre organismes \u00e0 but non lucratif (p.ex. structure d\u2019accueil tierce);<\/li><li>Professionnels du domaine de la justice, r\u00e9viseurs d\u2019entreprise et auditeurs;<\/li><li>Sous-traitants (p.ex. en mati\u00e8re d\u2019assurances);<\/li><li>Autres parties tierces avec lesquelles nous avons un int\u00e9r\u00eat \u00e0 collaborer.<\/li><\/ul>\n\n\n\n<p>Nous garantissons qu\u2019aucune de vos donn\u00e9es personnelles ne sont vendues \u00e0 d\u2019autres entit\u00e9s \u00e0 des fins de marketing ou de toute autre activit\u00e9 commerciale.<\/p>\n\n\n\n<hr class=\"wp-block-separator has-css-opacity\"\/>\n\n\n\n<p><strong>6. P\u00e9riode de r\u00e9tention<\/strong><\/p>\n\n\n\n<p>Nous nous r\u00e9servons de conserver vos donn\u00e9es personnelles aussi longtemps que la finalit\u00e9 du traitement le requiert, que ce soit dans notre int\u00e9r\u00eat l\u00e9gitime ou dans le cas de l\u2019ex\u00e9cution d\u2019un contrat nous liant&nbsp;; et dans les limites que les diverses lois auxquelles nous sommes soumis nous le permettent.<\/p>\n\n\n\n<hr class=\"wp-block-separator has-css-opacity\"\/>\n\n\n\n<p><strong>7. Vos droits<\/strong><\/p>\n\n\n\n<p>Le RGPD vous permet d\u2019exercer et de faire valoir diff\u00e9rents droits sur vos donn\u00e9es personnelles, d\u00e9taill\u00e9s de l\u2019article 12 \u00e0 l\u2019article 23 du RGPD. Nous nous engageons donc \u00e0 examiner toutes les demandes \u00e9manant de votre part. Il est cependant \u00e0 pr\u00e9ciser que selon la situation, il nous sera impossible d\u2019acc\u00e9der \u00e0 votre demande (par exemple, lorsque la base de lic\u00e9it\u00e9 d\u2019un traitement ne permet pas l\u2019exercice d\u2019un droit pr\u00e9cis). Vous trouverez ci-dessous un bref descriptif de vos droits<sup>1<\/sup>.<\/p>\n\n\n\n<p>En cas de demande, nous vous renvoyons vers la rubrique \u00ab 8. Contact \u00bb.<\/p>\n\n\n\n<p><em>7.1. Droit d\u2019acc\u00e8s<\/em><\/p>\n\n\n\n<p>Le droit d\u2019acc\u00e8s vous permet de nous demander quelles donn\u00e9es personnelles nous d\u00e9tenons sur vous et de demander \u00e0 ce que nous vous les communiquions afin d\u2019en v\u00e9rifier le contenu.<\/p>\n\n\n\n<p><em>7.2. Droit de rectification<\/em>&nbsp;: le droit de rectification vous permet de demander la rectification des informations inexactes ou incompl\u00e8tes vous concernant. Il permet d\u2019\u00e9viter que nous utilisions ou diffusions des donn\u00e9es inexactes sur vous.<\/p>\n\n\n\n<p><em>7.3. Droit \u00e0 l\u2019effacement (\u00ab droit \u00e0 l\u2019oubli \u00bb)&nbsp;<\/em>: le droit \u00e0 l\u2019effacement vous permet de nous demander l\u2019effacement des donn\u00e9es personnelles vous concernant.<\/p>\n\n\n\n<p><em>7.4. Droit \u00e0 la limitation du traitement<\/em>&nbsp;: le droit \u00e0 la limitation du traitement vous permet de nous demander de geler temporairement l\u2019utilisation de certaines de vos donn\u00e9es personnelles.<\/p>\n\n\n\n<p><em>7.5. Droit \u00e0 la portabilit\u00e9<\/em>&nbsp;: le droit \u00e0 la portabilit\u00e9 vous permet de r\u00e9cup\u00e9rer les donn\u00e9es personnelles que vous nous avez fournies dans un format lisible par une machine. Le droit \u00e0 la portabilit\u00e9 vous permet donc de stocker ailleurs ces donn\u00e9es portables ou de les transmettre facilement d\u2019un syst\u00e8me \u00e0 un autre et de notre association \u00e0 un autre responsable de traitement, en vue d\u2019une r\u00e9utilisation \u00e0 d\u2019autres fins.<\/p>\n\n\n\n<p><em>7.6. Droit d\u2019opposition<\/em>&nbsp;: le droit d\u2019opposition vous permet \u00e0 tout moment de vous opposer \u00e0 ce que nous utilisions certaines de vos donn\u00e9es personnelles.<\/p>\n\n\n\n<p><em>7.7. Droit de retirer le consentement<\/em>&nbsp;: toute personne donnant son consentement pour un traitement particulier a le droit de retirer son consentement \u00e0 tout moment. Le retrait du consentement ne compromet pas la lic\u00e9it\u00e9 du traitement fond\u00e9 sur le consentement effectu\u00e9 avant ce retrait.<\/p>\n\n\n\n<p><em>7.8. Droit de ne pas faire l\u2019objet d\u2019une d\u00e9cision fond\u00e9e exclusivement sur un traitement automatis\u00e9, y compris le profilage<\/em>&nbsp;: vous avez le droit de vous opposer \u00e0 \u00eatre sujet \u00e0 une d\u00e9cision bas\u00e9e uniquement sur un traitement automatique. La collecte et l\u2019analyse de vos activit\u00e9s permettent de construire des profils pour mieux cerner votre personnalit\u00e9 ou vos comportements. Parfois, des d\u00e9cisions sont prises automatiquement \u00e0 partir de ce profilage, sans l\u2019intervention d\u2019un humain.<\/p>\n\n\n\n<p><em>7.9. Le droit de soumettre une plainte \u00e0 l\u2019autorit\u00e9 de contr\u00f4le nationale<\/em>&nbsp;: en cas d\u2019insatisfaction, vous avez le droit de soumettre votre plainte \u00e0 l\u2019autorit\u00e9 luxembourgeoise comp\u00e9tente en termes de protection des donn\u00e9es, l\u2019Autorit\u00e9 de protection des donn\u00e9es (APD) en Belgique et la Commission Nationale pour la Protection des Donn\u00e9es au Grand-Duch\u00e9 de Luxembourg:<\/p>\n\n\n\n<p>Autorit\u00e9 de protection des donn\u00e9es&nbsp;&nbsp;&nbsp;&nbsp;&nbsp;&nbsp; Commission Nationale pour la protection des donn\u00e9es<br>Rue de la Presse, 35, 1000 Bruxelles &nbsp;&nbsp;&nbsp;&nbsp;&nbsp;&nbsp;&nbsp;&nbsp;&nbsp;&nbsp;&nbsp; &nbsp;1, avenue du Rock\u2019n\u2019Roll&nbsp; L-4361 Esch-sur-Alzette&nbsp;<\/p>\n\n\n\n<p>T\u00e9l. :&nbsp;+32 (0)2 274 48 00&nbsp;&nbsp;&nbsp;&nbsp;&nbsp;&nbsp;&nbsp;&nbsp;&nbsp;&nbsp;&nbsp;&nbsp;&nbsp;&nbsp;&nbsp;&nbsp;&nbsp;&nbsp; &nbsp;&nbsp;&nbsp;&nbsp;&nbsp;&nbsp;&nbsp;&nbsp;&nbsp;&nbsp;&nbsp;&nbsp;T\u00e9l: (+352) 26 10 60-1<\/p>\n\n\n\n<hr class=\"wp-block-separator has-css-opacity\"\/>\n\n\n\n<p><strong>8. Contact<\/strong><\/p>\n\n\n\n<p>Pour toute question aff\u00e9rant \u00e0 la protection des donn\u00e9es : info@coupdepouce.net&nbsp;<\/p>\n\n\n\n<p><sup>1<\/sup>&nbsp;<a href=\"https:\/\/www.cnil.fr\/les-droits-pour-maitriser-vos-donnees-personnelles\">https:\/\/www.cnil.fr\/les-droits-pour-maitriser-vos-donnees-personnelles<\/a> https:\/\/www.autoriteprotectiondonnees.be\/citoyen\/declaration-de-protection-des-donnees-en-bref<\/p>\n","protected":false},"excerpt":{"rendered":"<p>R\u00e8glement G\u00e9n\u00e9ral de Protection des Donn\u00e9es \u00e0 caract\u00e8re personnel Base l\u00e9gale&nbsp;: R\u00e8glement (UE) 2016\/679 du Parlement Europ\u00e9en et du Conseil du 27 avril 2016 abrogeant la directive 95\/46\/CE (\u00ab RGPD \u00bb) et les lois belge et luxembourgeoise, l\u2019Asbl Coup de Pouce vous informe quant \u00e0 nos pratiques relatives \u00e0 la confidentialit\u00e9 et aux traitements de &hellip; <a href=\"https:\/\/coupdepouce.net\/wordpress\/index.php\/rgpd\/\" class=\"more-link\">Lire la suite <span class=\"screen-reader-text\">RGPD<\/span><\/a><\/p>\n","protected":false},"author":2,"featured_media":0,"parent":0,"menu_order":0,"comment_status":"closed","ping_status":"closed","template":"","meta":{"footnotes":""},"class_list":["post-1090","page","type-page","status-publish","hentry"],"_links":{"self":[{"href":"https:\/\/coupdepouce.net\/wordpress\/index.php\/wp-json\/wp\/v2\/pages\/1090","targetHints":{"allow":["GET"]}}],"collection":[{"href":"https:\/\/coupdepouce.net\/wordpress\/index.php\/wp-json\/wp\/v2\/pages"}],"about":[{"href":"https:\/\/coupdepouce.net\/wordpress\/index.php\/wp-json\/wp\/v2\/types\/page"}],"author":[{"embeddable":true,"href":"https:\/\/coupdepouce.net\/wordpress\/index.php\/wp-json\/wp\/v2\/users\/2"}],"replies":[{"embeddable":true,"href":"https:\/\/coupdepouce.net\/wordpress\/index.php\/wp-json\/wp\/v2\/comments?post=1090"}],"version-history":[{"count":1,"href":"https:\/\/coupdepouce.net\/wordpress\/index.php\/wp-json\/wp\/v2\/pages\/1090\/revisions"}],"predecessor-version":[{"id":1653,"href":"https:\/\/coupdepouce.net\/wordpress\/index.php\/wp-json\/wp\/v2\/pages\/1090\/revisions\/1653"}],"wp:attachment":[{"href":"https:\/\/coupdepouce.net\/wordpress\/index.php\/wp-json\/wp\/v2\/media?parent=1090"}],"curies":[{"name":"wp","href":"https:\/\/api.w.org\/{rel}","templated":true}]}}